{"id":1003,"date":"2021-11-14T10:13:04","date_gmt":"2021-11-14T09:13:04","guid":{"rendered":"http:\/\/www.philharmonieroyaleconcordia.be\/?post_type=tribe_events&#038;p=1003"},"modified":"2021-11-14T10:19:24","modified_gmt":"2021-11-14T09:19:24","slug":"concert-de-gala-3","status":"publish","type":"tribe_events","link":"https:\/\/www.philharmonieroyaleconcordia.be\/?tribe_events=concert-de-gala-3","title":{"rendered":"Concert de Gala &#8211; Centre Culturel d&#8217;Ottignies"},"content":{"rendered":"<h2 style=\"text-align: center;\"><img loading=\"lazy\" decoding=\"async\" data-attachment-id=\"681\" data-permalink=\"https:\/\/www.philharmonieroyaleconcordia.be\/?attachment_id=681\" data-orig-file=\"https:\/\/i0.wp.com\/www.philharmonieroyaleconcordia.be\/wp-content\/uploads\/2020\/02\/te\u0301le\u0301charge\u0301.jpeg?fit=352%2C143&amp;ssl=1\" data-orig-size=\"352,143\" data-comments-opened=\"1\" data-image-meta=\"{&quot;aperture&quot;:&quot;0&quot;,&quot;credit&quot;:&quot;&quot;,&quot;camera&quot;:&quot;&quot;,&quot;caption&quot;:&quot;&quot;,&quot;created_timestamp&quot;:&quot;0&quot;,&quot;copyright&quot;:&quot;&quot;,&quot;focal_length&quot;:&quot;0&quot;,&quot;iso&quot;:&quot;0&quot;,&quot;shutter_speed&quot;:&quot;0&quot;,&quot;title&quot;:&quot;&quot;,&quot;orientation&quot;:&quot;0&quot;}\" data-image-title=\"te\u0301le\u0301charge\u0301\" data-image-description=\"\" data-image-caption=\"\" data-medium-file=\"https:\/\/i0.wp.com\/www.philharmonieroyaleconcordia.be\/wp-content\/uploads\/2020\/02\/te\u0301le\u0301charge\u0301.jpeg?fit=300%2C122&amp;ssl=1\" data-large-file=\"https:\/\/i0.wp.com\/www.philharmonieroyaleconcordia.be\/wp-content\/uploads\/2020\/02\/te\u0301le\u0301charge\u0301.jpeg?fit=352%2C143&amp;ssl=1\" class=\"aligncenter size-medium wp-image-681\" src=\"https:\/\/i0.wp.com\/www.philharmonieroyaleconcordia.be\/wp-content\/uploads\/2020\/02\/te\u0301le\u0301charge\u0301.jpeg?resize=300%2C122\" alt=\"\" width=\"300\" height=\"122\" srcset=\"https:\/\/i0.wp.com\/www.philharmonieroyaleconcordia.be\/wp-content\/uploads\/2020\/02\/te\u0301le\u0301charge\u0301.jpeg?resize=300%2C122&amp;ssl=1 300w, https:\/\/i0.wp.com\/www.philharmonieroyaleconcordia.be\/wp-content\/uploads\/2020\/02\/te\u0301le\u0301charge\u0301.jpeg?resize=50%2C20&amp;ssl=1 50w, https:\/\/i0.wp.com\/www.philharmonieroyaleconcordia.be\/wp-content\/uploads\/2020\/02\/te\u0301le\u0301charge\u0301.jpeg?w=352&amp;ssl=1 352w\" sizes=\"auto, (max-width: 300px) 100vw, 300px\" data-recalc-dims=\"1\" \/><\/h2>\n<h2><\/h2>\n<h2 style=\"text-align: center;\">La PRC fait son cin\u00e9ma.<\/h2>\n<p><!--more--><\/p>\n<p>Les d\u00e9tails seront publi\u00e9s d\u00e8s que connus.<\/p>\n<p>&nbsp;<\/p>\n","protected":false},"excerpt":{"rendered":"<p>La PRC fait son cin\u00e9ma.<\/p>\n","protected":false},"author":4,"featured_media":0,"comment_status":"open","ping_status":"closed","template":"","meta":{"ngg_post_thumbnail":0,"_tribe_events_status":"","_tribe_events_status_reason":"","footnotes":""},"tags":[],"tribe_events_cat":[],"class_list":["post-1003","tribe_events","type-tribe_events","status-publish","hentry"],"wppr_data":{"cwp_meta_box_check":"No"},"jetpack_sharing_enabled":true,"_links":{"self":[{"href":"https:\/\/www.philharmonieroyaleconcordia.be\/index.php?rest_route=\/wp\/v2\/tribe_events\/1003","targetHints":{"allow":["GET"]}}],"collection":[{"href":"https:\/\/www.philharmonieroyaleconcordia.be\/index.php?rest_route=\/wp\/v2\/tribe_events"}],"about":[{"href":"https:\/\/www.philharmonieroyaleconcordia.be\/index.php?rest_route=\/wp\/v2\/types\/tribe_events"}],"author":[{"embeddable":true,"href":"https:\/\/www.philharmonieroyaleconcordia.be\/index.php?rest_route=\/wp\/v2\/users\/4"}],"replies":[{"embeddable":true,"href":"https:\/\/www.philharmonieroyaleconcordia.be\/index.php?rest_route=%2Fwp%2Fv2%2Fcomments&post=1003"}],"version-history":[{"count":5,"href":"https:\/\/www.philharmonieroyaleconcordia.be\/index.php?rest_route=\/wp\/v2\/tribe_events\/1003\/revisions"}],"predecessor-version":[{"id":1007,"href":"https:\/\/www.philharmonieroyaleconcordia.be\/index.php?rest_route=\/wp\/v2\/tribe_events\/1003\/revisions\/1007"}],"wp:attachment":[{"href":"https:\/\/www.philharmonieroyaleconcordia.be\/index.php?rest_route=%2Fwp%2Fv2%2Fmedia&parent=1003"}],"wp:term":[{"taxonomy":"post_tag","embeddable":true,"href":"https:\/\/www.philharmonieroyaleconcordia.be\/index.php?rest_route=%2Fwp%2Fv2%2Ftags&post=1003"},{"taxonomy":"tribe_events_cat","embeddable":true,"href":"https:\/\/www.philharmonieroyaleconcordia.be\/index.php?rest_route=%2Fwp%2Fv2%2Ftribe_events_cat&post=1003"}],"curies":[{"name":"wp","href":"https:\/\/api.w.org\/{rel}","templated":true}]}}