{"id":2151,"date":"2023-10-17T12:14:22","date_gmt":"2023-10-17T10:14:22","guid":{"rendered":"http:\/\/www.philharmonieroyaleconcordia.be\/?post_type=tribe_events&#038;p=2151"},"modified":"2023-11-25T21:56:42","modified_gmt":"2023-11-25T20:56:42","slug":"concert-de-fin-dannee","status":"publish","type":"tribe_events","link":"https:\/\/www.philharmonieroyaleconcordia.be\/?tribe_events=concert-de-fin-dannee","title":{"rendered":"Concert de fin d&#8217;ann\u00e9e"},"content":{"rendered":"<div class=\"detail-item\"><span class=\"event-details-label\">Date :<\/span><span class=\"event-when\">&nbsp;15 d\u00e9cembre, 20:00 \u2013 22:00<\/span><\/div>\n<div class=\"detail-item\"><span class=\"event-details-label\">Lieu : <\/span><span class=\"event-where\">Salle Jules Ginion, Pl. Communale 2A, 1341 Ottignies-Louvain-la-Neuve, Belgique (<a class=\"menu-link\" href=\"https:\/\/maps.google.com\/maps?hl=fr&amp;q=Salle%20Jules%20Ginion%2C%20Pl.%20Communale%202A%2C%201341%20Ottignies-Louvain-la-Neuve%2C%20Belgique\" target=\"_blank\" rel=\"noopener\">plan<\/a>)<\/span><\/div>\n<div class=\"detail-item\"><span class=\"event-details-label\">Description : <\/span><span class=\"event-description\">Les d\u00e9tails pratiques seront communiqu\u00e9s d\u00e8s que possible.<\/span><\/div>\n<div>D\u00e9tails : https:\/\/fb.me\/e\/73VmahtAA<\/div>\n<div><img loading=\"lazy\" decoding=\"async\" data-attachment-id=\"2181\" data-permalink=\"https:\/\/www.philharmonieroyaleconcordia.be\/?attachment_id=2181\" data-orig-file=\"https:\/\/i0.wp.com\/www.philharmonieroyaleconcordia.be\/wp-content\/uploads\/2023\/10\/Flyers-prc-2023.png?fit=1414%2C2000&amp;ssl=1\" data-orig-size=\"1414,2000\" data-comments-opened=\"1\" data-image-meta=\"{&quot;aperture&quot;:&quot;0&quot;,&quot;credit&quot;:&quot;&quot;,&quot;camera&quot;:&quot;&quot;,&quot;caption&quot;:&quot;&quot;,&quot;created_timestamp&quot;:&quot;0&quot;,&quot;copyright&quot;:&quot;&quot;,&quot;focal_length&quot;:&quot;0&quot;,&quot;iso&quot;:&quot;0&quot;,&quot;shutter_speed&quot;:&quot;0&quot;,&quot;title&quot;:&quot;&quot;,&quot;orientation&quot;:&quot;0&quot;}\" data-image-title=\"Flyers prc 2023\" data-image-description=\"\" data-image-caption=\"\" data-medium-file=\"https:\/\/i0.wp.com\/www.philharmonieroyaleconcordia.be\/wp-content\/uploads\/2023\/10\/Flyers-prc-2023.png?fit=212%2C300&amp;ssl=1\" data-large-file=\"https:\/\/i0.wp.com\/www.philharmonieroyaleconcordia.be\/wp-content\/uploads\/2023\/10\/Flyers-prc-2023.png?fit=724%2C1024&amp;ssl=1\" class=\"size-medium wp-image-2181 alignleft\" src=\"https:\/\/i0.wp.com\/www.philharmonieroyaleconcordia.be\/wp-content\/uploads\/2023\/10\/Flyers-prc-2023.png?resize=212%2C300\" alt=\"\" width=\"212\" height=\"300\" srcset=\"https:\/\/i0.wp.com\/www.philharmonieroyaleconcordia.be\/wp-content\/uploads\/2023\/10\/Flyers-prc-2023.png?resize=212%2C300&amp;ssl=1 212w, https:\/\/i0.wp.com\/www.philharmonieroyaleconcordia.be\/wp-content\/uploads\/2023\/10\/Flyers-prc-2023.png?resize=724%2C1024&amp;ssl=1 724w, https:\/\/i0.wp.com\/www.philharmonieroyaleconcordia.be\/wp-content\/uploads\/2023\/10\/Flyers-prc-2023.png?resize=768%2C1086&amp;ssl=1 768w, https:\/\/i0.wp.com\/www.philharmonieroyaleconcordia.be\/wp-content\/uploads\/2023\/10\/Flyers-prc-2023.png?resize=1086%2C1536&amp;ssl=1 1086w, https:\/\/i0.wp.com\/www.philharmonieroyaleconcordia.be\/wp-content\/uploads\/2023\/10\/Flyers-prc-2023.png?resize=35%2C50&amp;ssl=1 35w, https:\/\/i0.wp.com\/www.philharmonieroyaleconcordia.be\/wp-content\/uploads\/2023\/10\/Flyers-prc-2023.png?w=1414&amp;ssl=1 1414w\" sizes=\"auto, (max-width: 212px) 100vw, 212px\" data-recalc-dims=\"1\" \/><\/div>\n","protected":false},"excerpt":{"rendered":"<p>Date :&nbsp;15 d\u00e9cembre, 20:00 \u2013 22:00 Lieu : Salle Jules Ginion, Pl. Communale 2A, 1341 Ottignies-Louvain-la-Neuve, Belgique (plan) Description : Les d\u00e9tails pratiques seront communiqu\u00e9s d\u00e8s que possible. D\u00e9tails : &hellip; <\/p>\n<p class=\"link-more\"><a href=\"https:\/\/www.philharmonieroyaleconcordia.be\/?tribe_events=concert-de-fin-dannee\" class=\"more-link\">Lire la suite de<span class=\"screen-reader-text\">\u00ab\u00a0Concert de fin d&#8217;ann\u00e9e\u00a0\u00bb<\/span><\/a><\/p>\n","protected":false},"author":14,"featured_media":2181,"comment_status":"open","ping_status":"closed","template":"","meta":{"ngg_post_thumbnail":0,"_tribe_events_status":"","_tribe_events_status_reason":"","footnotes":""},"tags":[],"tribe_events_cat":[5],"class_list":["post-2151","tribe_events","type-tribe_events","status-publish","has-post-thumbnail","hentry","tribe_events_cat-concerts","cat_concerts"],"wppr_data":{"cwp_meta_box_check":"No"},"jetpack_sharing_enabled":true,"_links":{"self":[{"href":"https:\/\/www.philharmonieroyaleconcordia.be\/index.php?rest_route=\/wp\/v2\/tribe_events\/2151","targetHints":{"allow":["GET"]}}],"collection":[{"href":"https:\/\/www.philharmonieroyaleconcordia.be\/index.php?rest_route=\/wp\/v2\/tribe_events"}],"about":[{"href":"https:\/\/www.philharmonieroyaleconcordia.be\/index.php?rest_route=\/wp\/v2\/types\/tribe_events"}],"author":[{"embeddable":true,"href":"https:\/\/www.philharmonieroyaleconcordia.be\/index.php?rest_route=\/wp\/v2\/users\/14"}],"replies":[{"embeddable":true,"href":"https:\/\/www.philharmonieroyaleconcordia.be\/index.php?rest_route=%2Fwp%2Fv2%2Fcomments&post=2151"}],"version-history":[{"count":3,"href":"https:\/\/www.philharmonieroyaleconcordia.be\/index.php?rest_route=\/wp\/v2\/tribe_events\/2151\/revisions"}],"predecessor-version":[{"id":2182,"href":"https:\/\/www.philharmonieroyaleconcordia.be\/index.php?rest_route=\/wp\/v2\/tribe_events\/2151\/revisions\/2182"}],"wp:featuredmedia":[{"embeddable":true,"href":"https:\/\/www.philharmonieroyaleconcordia.be\/index.php?rest_route=\/wp\/v2\/media\/2181"}],"wp:attachment":[{"href":"https:\/\/www.philharmonieroyaleconcordia.be\/index.php?rest_route=%2Fwp%2Fv2%2Fmedia&parent=2151"}],"wp:term":[{"taxonomy":"post_tag","embeddable":true,"href":"https:\/\/www.philharmonieroyaleconcordia.be\/index.php?rest_route=%2Fwp%2Fv2%2Ftags&post=2151"},{"taxonomy":"tribe_events_cat","embeddable":true,"href":"https:\/\/www.philharmonieroyaleconcordia.be\/index.php?rest_route=%2Fwp%2Fv2%2Ftribe_events_cat&post=2151"}],"curies":[{"name":"wp","href":"https:\/\/api.w.org\/{rel}","templated":true}]}}