{"id":938,"date":"2021-06-30T12:13:57","date_gmt":"2021-06-30T10:13:57","guid":{"rendered":"http:\/\/www.philharmonieroyaleconcordia.be\/?post_type=tribe_events&#038;p=938"},"modified":"2021-06-30T12:13:57","modified_gmt":"2021-06-30T10:13:57","slug":"concert-lors-des-fetes-de-wallonie-2021","status":"publish","type":"tribe_events","link":"https:\/\/www.philharmonieroyaleconcordia.be\/?tribe_events=concert-lors-des-fetes-de-wallonie-2021","title":{"rendered":"Concert lors des F\u00eates de Wallonie 2021"},"content":{"rendered":"<h4 style=\"text-align: center;\"><strong><img loading=\"lazy\" decoding=\"async\" data-attachment-id=\"944\" data-permalink=\"https:\/\/www.philharmonieroyaleconcordia.be\/?attachment_id=944\" data-orig-file=\"https:\/\/i0.wp.com\/www.philharmonieroyaleconcordia.be\/wp-content\/uploads\/2021\/06\/Blanson-Ottignies.jpg?fit=238%2C257&amp;ssl=1\" data-orig-size=\"238,257\" data-comments-opened=\"1\" data-image-meta=\"{&quot;aperture&quot;:&quot;0&quot;,&quot;credit&quot;:&quot;&quot;,&quot;camera&quot;:&quot;&quot;,&quot;caption&quot;:&quot;&quot;,&quot;created_timestamp&quot;:&quot;0&quot;,&quot;copyright&quot;:&quot;&quot;,&quot;focal_length&quot;:&quot;0&quot;,&quot;iso&quot;:&quot;0&quot;,&quot;shutter_speed&quot;:&quot;0&quot;,&quot;title&quot;:&quot;&quot;,&quot;orientation&quot;:&quot;0&quot;}\" data-image-title=\"Blanson Ottignies\" data-image-description=\"\" data-image-caption=\"\" data-medium-file=\"https:\/\/i0.wp.com\/www.philharmonieroyaleconcordia.be\/wp-content\/uploads\/2021\/06\/Blanson-Ottignies.jpg?fit=238%2C257&amp;ssl=1\" data-large-file=\"https:\/\/i0.wp.com\/www.philharmonieroyaleconcordia.be\/wp-content\/uploads\/2021\/06\/Blanson-Ottignies.jpg?fit=238%2C257&amp;ssl=1\" class=\"wp-image-944 alignleft\" src=\"https:\/\/i0.wp.com\/www.philharmonieroyaleconcordia.be\/wp-content\/uploads\/2021\/06\/Blanson-Ottignies.jpg?resize=112%2C120\" alt=\"\" width=\"112\" height=\"120\" srcset=\"https:\/\/i0.wp.com\/www.philharmonieroyaleconcordia.be\/wp-content\/uploads\/2021\/06\/Blanson-Ottignies.jpg?w=238&amp;ssl=1 238w, https:\/\/i0.wp.com\/www.philharmonieroyaleconcordia.be\/wp-content\/uploads\/2021\/06\/Blanson-Ottignies.jpg?resize=46%2C50&amp;ssl=1 46w\" sizes=\"auto, (max-width: 112px) 100vw, 112px\" data-recalc-dims=\"1\" \/><\/strong><\/h4>\n<h5 style=\"text-align: center;\"><strong>A l\u2019invitation de monsieur Benoit Jacobs -Premier \u00c9chevin et du pr\u00e9sident du comit\u00e9 des f\u00eates de Wallonie d\u2019Ottignies-Louvain-La-Neuve, Monsieur G\u00e9rard Verbiest, nous avons le plaisir de vous annoncer que la Philharmonie Royale Concordia se produira \u00e0 l\u2019Espace du C\u0153ur de Ville de 13h \u00e0 14h30<\/strong>.<\/h5>\n","protected":false},"excerpt":{"rendered":"<p>A l\u2019invitation de monsieur Benoit Jacobs -Premier \u00c9chevin et du pr\u00e9sident du comit\u00e9 des f\u00eates de Wallonie d\u2019Ottignies-Louvain-La-Neuve, Monsieur G\u00e9rard Verbiest, nous avons le plaisir de vous annoncer que la &hellip; <\/p>\n<p class=\"link-more\"><a href=\"https:\/\/www.philharmonieroyaleconcordia.be\/?tribe_events=concert-lors-des-fetes-de-wallonie-2021\" class=\"more-link\">Lire la suite de<span class=\"screen-reader-text\">\u00ab\u00a0Concert lors des F\u00eates de Wallonie 2021\u00a0\u00bb<\/span><\/a><\/p>\n","protected":false},"author":4,"featured_media":946,"comment_status":"open","ping_status":"closed","template":"","meta":{"ngg_post_thumbnail":0,"_tribe_events_status":"","_tribe_events_status_reason":"","footnotes":""},"tags":[],"tribe_events_cat":[],"class_list":["post-938","tribe_events","type-tribe_events","status-publish","has-post-thumbnail","hentry"],"wppr_data":{"cwp_meta_box_check":"No"},"jetpack_sharing_enabled":true,"_links":{"self":[{"href":"https:\/\/www.philharmonieroyaleconcordia.be\/index.php?rest_route=\/wp\/v2\/tribe_events\/938","targetHints":{"allow":["GET"]}}],"collection":[{"href":"https:\/\/www.philharmonieroyaleconcordia.be\/index.php?rest_route=\/wp\/v2\/tribe_events"}],"about":[{"href":"https:\/\/www.philharmonieroyaleconcordia.be\/index.php?rest_route=\/wp\/v2\/types\/tribe_events"}],"author":[{"embeddable":true,"href":"https:\/\/www.philharmonieroyaleconcordia.be\/index.php?rest_route=\/wp\/v2\/users\/4"}],"replies":[{"embeddable":true,"href":"https:\/\/www.philharmonieroyaleconcordia.be\/index.php?rest_route=%2Fwp%2Fv2%2Fcomments&post=938"}],"version-history":[{"count":10,"href":"https:\/\/www.philharmonieroyaleconcordia.be\/index.php?rest_route=\/wp\/v2\/tribe_events\/938\/revisions"}],"predecessor-version":[{"id":954,"href":"https:\/\/www.philharmonieroyaleconcordia.be\/index.php?rest_route=\/wp\/v2\/tribe_events\/938\/revisions\/954"}],"wp:featuredmedia":[{"embeddable":true,"href":"https:\/\/www.philharmonieroyaleconcordia.be\/index.php?rest_route=\/wp\/v2\/media\/946"}],"wp:attachment":[{"href":"https:\/\/www.philharmonieroyaleconcordia.be\/index.php?rest_route=%2Fwp%2Fv2%2Fmedia&parent=938"}],"wp:term":[{"taxonomy":"post_tag","embeddable":true,"href":"https:\/\/www.philharmonieroyaleconcordia.be\/index.php?rest_route=%2Fwp%2Fv2%2Ftags&post=938"},{"taxonomy":"tribe_events_cat","embeddable":true,"href":"https:\/\/www.philharmonieroyaleconcordia.be\/index.php?rest_route=%2Fwp%2Fv2%2Ftribe_events_cat&post=938"}],"curies":[{"name":"wp","href":"https:\/\/api.w.org\/{rel}","templated":true}]}}